{"id":106,"date":"2009-09-10T09:31:21","date_gmt":"2009-09-10T09:31:21","guid":{"rendered":"http:\/\/biblioteca.zeus.umh.es\/politica-de-calidad\/"},"modified":"2023-05-11T19:58:05","modified_gmt":"2023-05-11T17:58:05","slug":"politica-de-calidad","status":"publish","type":"page","link":"https:\/\/biblioteca.umh.es\/ca\/presentacion\/calidad-y-memorias\/politica-de-calidad\/","title":{"rendered":"Pol\u00edtica de Qualitat"},"content":{"rendered":"<p><\/p>\n<p style=\"text-align: justify\">Segons el <a href=\"https:\/\/boumh.umh.es\/files\/2009\/07\/3509_REGLAMENTO-BIBLIOTECA.pdf\">Reglament de R\u00e8gim Intern de la Biblioteca<\/a> de la Universitat Miguel Hern\u00e0ndez, &#8220;<em>La biblioteca t\u00e9 com a objectiu principal la difusi\u00f3 i l&#8217;assegurament de l&#8217;acc\u00e9s, per a tota la Comunitat Universit\u00e0ria, a la informaci\u00f3 i la documentaci\u00f3 necess\u00e0ries per al desenvolupament de l&#8217;estudi, la doc\u00e8ncia, la recerca, l&#8217;extensi\u00f3 cultural i altres activitats necess\u00e0ries per a la consecuci\u00f3 dels objectius de la Universitat. Igualment, s&#8217;assegurar\u00e0 de la formaci\u00f3 de la Comunitat en l&#8217;\u00fas d&#8217;aquests recursos d&#8217;informaci\u00f3 i col\u00b7laborar\u00e0 en els processos de creaci\u00f3 del coneixement, per al que comptar\u00e0 amb els mitjans i eines necess\u00e0ries a tals finalitats&#8221;.<\/em><\/p>\n<p style=\"text-align: justify\">Aquesta missi\u00f3 i visi\u00f3 del servei implica, abans de res, el desenvolupament de les activitats amb una clara vocaci\u00f3 de servei a l&#8217;usuari que compromet totes les seues activitats i que est\u00e0 en l&#8217;arrel mateixa de la professi\u00f3 bibliotec\u00e0ria.<\/p>\n<p style=\"text-align: justify\">Per a\u00e7\u00f2, la Biblioteca cerca, per la seua pr\u00f2pia naturalesa, la millora cont\u00ednua en les seues activitats i l&#8217;excel\u00b7l\u00e8ncia en el servei, amb l&#8217;objectiu que l&#8217;usuari, la seua ra\u00f3 de ser, satisfa\u00e7a les seues necessitats m\u00e9s enll\u00e0 de les seues expectatives.<\/p>\n<p style=\"text-align: justify\">D&#8217;aquesta forma, la biblioteca adopta un sistema de gesti\u00f3 de qualitat que es basa, com la resta de la UMH, en el model EFQM, la qual cosa ha portat al fet que la universitat obtinga i renove el Segell d&#8217;Excel\u00b7l\u00e8ncia Europea 500+ pel seu Sistema de Gesti\u00f3, atorgat per *AENOR (Associaci\u00f3 Espanyola de Normalitzaci\u00f3 i Certificaci\u00f3), per concessi\u00f3 del Club Excel\u00b7l\u00e8ncia en Gesti\u00f3.<\/p>\n<p style=\"text-align: justify\">Aquest sistema de Gesti\u00f3 de Qualitat s&#8217;articula entorn de dos documents b\u00e0sics: l&#8217;IV Pla de Qualitat i, en el marc d&#8217;aquest, per a l&#8217;\u00e0mbit de la gesti\u00f3 i amb vista al seu desenvolupament, el <a href=\"https:\/\/biblioteca.umh.es\/files\/2019\/07\/V-PLAN-DIRECTOR.pdf\">V Pla Director<\/a>.<\/p>\n<p style=\"text-align: justify\">Per a assegurar la qualitat dels diferents serveis, i emanats de tots dos plans, la Biblioteca signa cada any el Pacte per la Qualitat, obligant-se a complir amb uns indicadors establits, mentre que el seu comprom\u00eds davant la Comunitat Universit\u00e0ria s&#8217;especifica en la seua <a href=\"https:\/\/biblioteca.umh.es\/ca\/presentacion\/carta-de-servicios\/\">Carta de Serveis<\/a>.<\/p>\n<h2>Documents:<\/h2>\n<ul>\n<li><a href=\"https:\/\/rectorado.umh.es\/plan-estrategico\/\">Pla Estrat\u00e8gic 2016-2019<\/a><\/li>\n<li><a href=\"https:\/\/calidad.umh.es\/calidad-umh\/sistema-de-calidad-y-plan-estrategico\/plan-director\/\">III Pla Director per a la Qualitat en la Gesti\u00f3<\/a><\/li>\n<li><a href=\"https:\/\/biblioteca.umh.es\/files\/2019\/07\/IV-Plan-Director-Maquetado.pdf\">IV Pla Director per a la Qualitat en la Gesti\u00f3<\/a><\/li>\n<li><a href=\"https:\/\/biblioteca.umh.es\/files\/2019\/07\/V-PLAN-DIRECTOR.pdf\">V Pla Director de Qualitat en la Gesti\u00f3<\/a><\/li>\n<li><a href=\"https:\/\/biblioteca.umh.es\/files\/2019\/07\/V_PLAN_DE_CALIDAD.pdf\">V Pla de Qualitat<\/a><\/li>\n<li><a href=\"https:\/\/biblioteca.umh.es\/files\/2023\/04\/VI-PLAN-DIRECTOR.pdf\" target=\"_blank\" rel=\"noopener\">VI Pla Director per a la Qualitat en la Gesti\u00f3.<\/a>&nbsp;<\/li>\n<\/ul>\n<h2>Relacionats<\/h2>\n<ul>\n<li><a href=\"https:\/\/calidad.umh.es\/\">Servei de Qualitat<\/a><\/li>\n<\/ul>\n<p><\/p>","protected":false},"excerpt":{"rendered":"<p>Segons el Reglament de R\u00e8gim Intern de la Biblioteca de la Universitat Miguel Hern\u00e0ndez, &#8220;La biblioteca t\u00e9 com a objectiu principal la difusi\u00f3 i l&#8217;assegurament de l&#8217;acc\u00e9s, per a tota la Comunitat Universit\u00e0ria, a la informaci\u00f3 i la documentaci\u00f3 necess\u00e0ries per al desenvolupament de l&#8217;estudi, la doc\u00e8ncia, la recerca, l&#8217;extensi\u00f3 cultural i altres activitats necess\u00e0ries [&#8230;]<\/p>\n","protected":false},"author":1,"featured_media":0,"parent":8950,"menu_order":1,"comment_status":"closed","ping_status":"closed","template":"","meta":{"ngg_post_thumbnail":0,"_links_to":"","_links_to_target":""},"_links":{"self":[{"href":"https:\/\/biblioteca.umh.es\/ca\/wp-json\/wp\/v2\/pages\/106"}],"collection":[{"href":"https:\/\/biblioteca.umh.es\/ca\/wp-json\/wp\/v2\/pages"}],"about":[{"href":"https:\/\/biblioteca.umh.es\/ca\/wp-json\/wp\/v2\/types\/page"}],"author":[{"embeddable":true,"href":"https:\/\/biblioteca.umh.es\/ca\/wp-json\/wp\/v2\/users\/1"}],"replies":[{"embeddable":true,"href":"https:\/\/biblioteca.umh.es\/ca\/wp-json\/wp\/v2\/comments?post=106"}],"version-history":[{"count":0,"href":"https:\/\/biblioteca.umh.es\/ca\/wp-json\/wp\/v2\/pages\/106\/revisions"}],"up":[{"embeddable":true,"href":"https:\/\/biblioteca.umh.es\/ca\/wp-json\/wp\/v2\/pages\/8950"}],"wp:attachment":[{"href":"https:\/\/biblioteca.umh.es\/ca\/wp-json\/wp\/v2\/media?parent=106"}],"curies":[{"name":"wp","href":"https:\/\/api.w.org\/{rel}","templated":true}]}}